{"id":1321,"date":"2018-07-20T08:13:37","date_gmt":"2018-07-20T08:13:37","guid":{"rendered":"https:\/\/www.fluechtlingsrat-brandenburg.de\/startseite\/"},"modified":"2022-07-28T10:57:42","modified_gmt":"2022-07-28T09:57:42","slug":"startseite","status":"publish","type":"page","link":"https:\/\/www.fluechtlingsrat-brandenburg.de\/fr\/","title":{"rendered":"Startseite"},"content":{"rendered":"<p>[et_pb_section fb_built=\u00a0\u00bb1&Prime; _builder_version=\u00a0\u00bb4.16&Prime; custom_margin=\u00a0\u00bb||0px|\u00a0\u00bb custom_padding=\u00a0\u00bb||0px|\u00a0\u00bb global_colors_info=\u00a0\u00bb{}\u00a0\u00bb][et_pb_row column_structure=\u00a0\u00bb1_4,1_2,1_4&Prime; _builder_version=\u00a0\u00bb4.16&Prime; background_size=\u00a0\u00bbinitial\u00a0\u00bb background_position=\u00a0\u00bbtop_left\u00a0\u00bb background_repeat=\u00a0\u00bbrepeat\u00a0\u00bb global_colors_info=\u00a0\u00bb{}\u00a0\u00bb][et_pb_column type=\u00a0\u00bb1_4&Prime; _builder_version=\u00a0\u00bb4.16&Prime; custom_padding=\u00a0\u00bb|||\u00a0\u00bb global_colors_info=\u00a0\u00bb{}\u00a0\u00bb custom_padding__hover=\u00a0\u00bb|||\u00a0\u00bb][\/et_pb_column][et_pb_column type=\u00a0\u00bb1_2&Prime; _builder_version=\u00a0\u00bb4.16&Prime; custom_padding=\u00a0\u00bb|||\u00a0\u00bb global_colors_info=\u00a0\u00bb{}\u00a0\u00bb custom_padding__hover=\u00a0\u00bb|||\u00a0\u00bb][et_pb_text admin_label=\u00a0\u00bbLe conseil des personnes r\u00e9fugi\u00e9es du Brandenbourg\u00a0\u00bb _builder_version=\u00a0\u00bb4.17.4&Prime; global_colors_info=\u00a0\u00bb{}\u00a0\u00bb]<\/p>\n<h1><strong>Le conseil des personnes r\u00e9fugi\u00e9es du Brandenbourg<\/strong><\/h1>\n<p>[\/et_pb_text][\/et_pb_column][et_pb_column type=\u00a0\u00bb1_4&Prime; _builder_version=\u00a0\u00bb4.16&Prime; custom_padding=\u00a0\u00bb|||\u00a0\u00bb global_colors_info=\u00a0\u00bb{}\u00a0\u00bb custom_padding__hover=\u00a0\u00bb|||\u00a0\u00bb][\/et_pb_column][\/et_pb_row][\/et_pb_section][et_pb_section fb_built=\u00a0\u00bb1&Prime; _builder_version=\u00a0\u00bb4.16&Prime; custom_margin=\u00a0\u00bb0px||0px|\u00a0\u00bb custom_padding=\u00a0\u00bb0px||0px|\u00a0\u00bb global_colors_info=\u00a0\u00bb{}\u00a0\u00bb][et_pb_row _builder_version=\u00a0\u00bb4.16&Prime; custom_margin=\u00a0\u00bb0px||0px|\u00a0\u00bb custom_padding=\u00a0\u00bb0px||0px|\u00a0\u00bb global_colors_info=\u00a0\u00bb{}\u00a0\u00bb][et_pb_column type=\u00a0\u00bb4_4&Prime; _builder_version=\u00a0\u00bb4.16&Prime; custom_padding=\u00a0\u00bb|||\u00a0\u00bb global_colors_info=\u00a0\u00bb{}\u00a0\u00bb custom_padding__hover=\u00a0\u00bb|||\u00a0\u00bb][et_pb_divider _builder_version=\u00a0\u00bb4.16&Prime; global_colors_info=\u00a0\u00bb{}\u00a0\u00bb][\/et_pb_divider][\/et_pb_column][\/et_pb_row][\/et_pb_section][et_pb_section fb_built=\u00a0\u00bb1&Prime; _builder_version=\u00a0\u00bb4.16&Prime; custom_margin=\u00a0\u00bb0px||0px|\u00a0\u00bb custom_padding=\u00a0\u00bb0px||0px|\u00a0\u00bb global_colors_info=\u00a0\u00bb{}\u00a0\u00bb][et_pb_row column_structure=\u00a0\u00bb1_4,1_2,1_4&Prime; _builder_version=\u00a0\u00bb4.16&Prime; background_size=\u00a0\u00bbinitial\u00a0\u00bb background_position=\u00a0\u00bbtop_left\u00a0\u00bb background_repeat=\u00a0\u00bbrepeat\u00a0\u00bb global_colors_info=\u00a0\u00bb{}\u00a0\u00bb][et_pb_column type=\u00a0\u00bb1_4&Prime; _builder_version=\u00a0\u00bb4.16&Prime; custom_padding=\u00a0\u00bb|||\u00a0\u00bb global_colors_info=\u00a0\u00bb{}\u00a0\u00bb custom_padding__hover=\u00a0\u00bb|||\u00a0\u00bb][\/et_pb_column][et_pb_column type=\u00a0\u00bb1_2&Prime; _builder_version=\u00a0\u00bb4.16&Prime; custom_padding=\u00a0\u00bb|||\u00a0\u00bb global_colors_info=\u00a0\u00bb{}\u00a0\u00bb custom_padding__hover=\u00a0\u00bb|||\u00a0\u00bb][et_pb_text admin_label=\u00a0\u00bbLe Fl\u00fcchtlingsrat\u00a0\u00bb _builder_version=\u00a0\u00bb4.17.4&Prime; global_colors_info=\u00a0\u00bb{}\u00a0\u00bb]<\/p>\n<p><span>Le <em>Fl\u00fcchtlingsrat<\/em> est une organisation non-gouvernementale active dans tout l\u00b4\u00e9tat du Brandebourg. <\/span>Depuis 1994 il est compos\u00e9 de:<\/p>\n<ul>\n<li>personnes r\u00e9fugi\u00e9es ou non<\/li>\n<li>du personnel d&rsquo;associations caritatives et de centres de conseil;<\/li>\n<li><span>des \u00e9glises;<\/span><\/li>\n<li><span>des organisations autonomes de personnes r\u00e9fugi\u00e9es;<\/span><\/li>\n<li><span>des initiatives politiques.<\/span><\/li>\n<\/ul>\n<p><span>Nous luttons pour une soci\u00e9t\u00e9 antiraciste et solidaire et pour l&rsquo;am\u00e9lioration des conditions de vie des personnes r\u00e9fugi\u00e9es.<\/span><\/p>\n<p><span>Le travail politique du <em>Fl\u00fcchtlingsrat<\/em> est ind\u00e9pendant. <\/span>Nous nous engageons de mani\u00e8re partisane aux c\u00f4t\u00e9s des personnes r\u00e9fugi\u00e9es pour leur acc\u00e8s aux droits et pour une participation sociale sans condition.<\/p>\n<p>Nous nous opposons \u00e0 la politique de fermeture des fronti\u00e8res et sommes favorables \u00e0 l&rsquo;accueil des personnes en d\u00e9tresse.<\/p>\n<p>Nous nous battons pour un v\u00e9ritable droit de rester pour tous. Nous refusons cat\u00e9goriquement les expulsions. Un retour ne peut \u00eatre que volontaire et autod\u00e9termin\u00e9.<\/p>\n<p>Nous refusons l&rsquo;exclusion et l&rsquo;isolement des personnes r\u00e9fugi\u00e9es par l&rsquo;h\u00e9bergement dans des camps et exigeons les m\u00eames droits pour tous.<\/p>\n<p>[\/et_pb_text][et_pb_text admin_label=\u00a0\u00bbCe que nous faisons\u00a0\u00bb _builder_version=\u00a0\u00bb4.17.4&Prime; global_colors_info=\u00a0\u00bb{}\u00a0\u00bb]<\/p>\n<h2><strong>Ce que nous faisons<\/strong><\/h2>\n<p>Le <em>Fl\u00fcchtlingsrat<\/em> offre un cadre de rencontre et est l&rsquo;interlocuteur des personnes engag\u00e9es dans le domaine de l&rsquo;asile dans le Brandenbourg. Il coordonne et encourage l&rsquo;\u00e9change d&rsquo;informations entre les initiatives locales, les organisations autonomes, les services de conseil ou<\/p>\n<p>d\u00b4assistance\u00a0 et bien d&rsquo;autres acteurs. Il propose des formations continues ainsi que des informations de base par t\u00e9l\u00e9phone.<\/p>\n<p><span>De plus, le <em>Fl\u00fcchtlingsrat<\/em> prend publiquement position sur les changements en mati\u00e8re de politique migratoire aussi bien au niveau du Brandenburg qu\u00b4\u00e0 l\u00b4\u00e9chelle des communes. <\/span>Par un travail de relations publiques cibl\u00e9 et des entretiens avec la classe politique et l&rsquo;administration, il s&rsquo;engage avec des initiatives pour les droits des personnes r\u00e9fugi\u00e9es.<\/p>\n<p>Au niveau de l\u00b4\u00e9tat du Brandenburg, le <em>Fl\u00fcchtlingsrat<\/em> est repr\u00e9sent\u00e9 dans diff\u00e9rents organes, par exemple dans le conseil d&rsquo;int\u00e9gration du Brandenburg, dans la commission d\u00b4examen \u00a0des cas de rigueur de\u00a0 l\u00b4\u00e9tat de Brandebourg et dans le comit\u00e9 directeur de l&rsquo;alliance d&rsquo;action du Brandebourg contre la violence, l&rsquo;extr\u00e9misme de droite et la x\u00e9nophobie. De plus, le <em>Fl\u00fcchtlingsrat<\/em> est actif dans des alliances et initiatives de la soci\u00e9t\u00e9 civile dans tout le pays.<\/p>\n<p>[\/et_pb_text][et_pb_text admin_label=\u00a0\u00bbConseil et assistance\u00a0\u00bb _builder_version=\u00a0\u00bb4.17.4&Prime; global_colors_info=\u00a0\u00bb{}\u00a0\u00bb]<\/p>\n<h2><strong>Conseil et assistance<\/strong><\/h2>\n<p>Le <em>Fl\u00fcchtlingsrat<\/em> n&rsquo;offre pas de conseil individuel, mais peut \u00e9tablir des contacts avec des services de conseil dans le Brandenbourg qui informent sur la proc\u00e9dure d&rsquo;asile et les questions g\u00e9n\u00e9rales sur la migration. Actuellement, notre service de consultation t\u00e9l\u00e9phonique est disponible en allemand et en anglais. Vous trouverez en outre un aper\u00e7u des services locaux de conseil et de m\u00e9diation dans le Brandenbourg <a href=\"https:\/\/www.fluechtlingsrat-brandenburg.de\/fr\/adresses\/\">ici<\/a>.<\/p>\n<p>Nos heures de consultation sont les suivantes : lundi de 13h \u00e0 16h, mardi et jeudi de 10h \u00e0 13h<\/p>\n<p>[\/et_pb_text][\/et_pb_column][et_pb_column type=\u00a0\u00bb1_4&Prime; _builder_version=\u00a0\u00bb4.16&Prime; custom_padding=\u00a0\u00bb|||\u00a0\u00bb global_colors_info=\u00a0\u00bb{}\u00a0\u00bb custom_padding__hover=\u00a0\u00bb|||\u00a0\u00bb][\/et_pb_column][\/et_pb_row][\/et_pb_section][et_pb_section fb_built=\u00a0\u00bb1&Prime; _builder_version=\u00a0\u00bb4.16&Prime; custom_margin=\u00a0\u00bb0px||0px|\u00a0\u00bb custom_padding=\u00a0\u00bb0px||0px|\u00a0\u00bb global_colors_info=\u00a0\u00bb{}\u00a0\u00bb][et_pb_row column_structure=\u00a0\u00bb1_3,1_3,1_3&Prime; _builder_version=\u00a0\u00bb4.16&Prime; custom_margin=\u00a0\u00bb||0px|\u00a0\u00bb custom_padding=\u00a0\u00bb||0px|\u00a0\u00bb global_colors_info=\u00a0\u00bb{}\u00a0\u00bb][et_pb_column type=\u00a0\u00bb1_3&Prime; _builder_version=\u00a0\u00bb4.16&Prime; custom_padding=\u00a0\u00bb|||\u00a0\u00bb global_colors_info=\u00a0\u00bb{}\u00a0\u00bb custom_padding__hover=\u00a0\u00bb|||\u00a0\u00bb][et_pb_cta title=\u00a0\u00bbR\u00e9seau de soutien\u00a0\u00bb button_url=\u00a0\u00bbhttps:\/\/www.fluechtlingsrat-brandenburg.de\/fr\/adresses\/\u00a0\u00bb button_text=\u00a0\u00bbInformation &#038; contacts\u00a0\u00bb module_class=\u00a0\u00bbcta-widget cta-support-network\u00a0\u00bb _builder_version=\u00a0\u00bb4.17.4&Prime; background_color=\u00a0\u00bb#d8d8d8&Prime; global_colors_info=\u00a0\u00bb{}\u00a0\u00bb button_text_size__hover_enabled=\u00a0\u00bboff\u00a0\u00bb button_one_text_size__hover_enabled=\u00a0\u00bboff\u00a0\u00bb button_two_text_size__hover_enabled=\u00a0\u00bboff\u00a0\u00bb button_text_color__hover_enabled=\u00a0\u00bboff\u00a0\u00bb button_one_text_color__hover_enabled=\u00a0\u00bboff\u00a0\u00bb button_two_text_color__hover_enabled=\u00a0\u00bboff\u00a0\u00bb button_border_width__hover_enabled=\u00a0\u00bboff\u00a0\u00bb button_one_border_width__hover_enabled=\u00a0\u00bboff\u00a0\u00bb button_two_border_width__hover_enabled=\u00a0\u00bboff\u00a0\u00bb button_border_color__hover_enabled=\u00a0\u00bboff\u00a0\u00bb button_one_border_color__hover_enabled=\u00a0\u00bboff\u00a0\u00bb button_two_border_color__hover_enabled=\u00a0\u00bboff\u00a0\u00bb button_border_radius__hover_enabled=\u00a0\u00bboff\u00a0\u00bb button_one_border_radius__hover_enabled=\u00a0\u00bboff\u00a0\u00bb button_two_border_radius__hover_enabled=\u00a0\u00bboff\u00a0\u00bb button_letter_spacing__hover_enabled=\u00a0\u00bboff\u00a0\u00bb button_one_letter_spacing__hover_enabled=\u00a0\u00bboff\u00a0\u00bb button_two_letter_spacing__hover_enabled=\u00a0\u00bboff\u00a0\u00bb button_bg_color__hover_enabled=\u00a0\u00bboff\u00a0\u00bb button_one_bg_color__hover_enabled=\u00a0\u00bboff\u00a0\u00bb button_two_bg_color__hover_enabled=\u00a0\u00bboff\u00a0\u00bb]<\/p>\n<p><img decoding=\"async\" class=\"alignnone size-full wp-image-152\" src=\"https:\/\/www.fluechtlingsrat-brandenburg.de\/wp-content\/uploads\/2018\/06\/frbrb-wegweiser-sidebar.svg\" alt=\"\" \/><\/p>\n<p>[\/et_pb_cta][\/et_pb_column][et_pb_column type=\u00a0\u00bb1_3&Prime; _builder_version=\u00a0\u00bb4.16&Prime; custom_padding=\u00a0\u00bb|||\u00a0\u00bb global_colors_info=\u00a0\u00bb{}\u00a0\u00bb custom_padding__hover=\u00a0\u00bb|||\u00a0\u00bb][et_pb_cta title=\u00a0\u00bbPermanence t\u00e9l\u00e9phonique\u00a0\u00bb button_url=\u00a0\u00bb#\u00a0\u00bb module_class=\u00a0\u00bbcta-widget cta-helpline\u00a0\u00bb _builder_version=\u00a0\u00bb4.17.4&Prime; background_color=\u00a0\u00bb#ffffff\u00a0\u00bb global_colors_info=\u00a0\u00bb{}\u00a0\u00bb button_text_size__hover_enabled=\u00a0\u00bboff\u00a0\u00bb button_one_text_size__hover_enabled=\u00a0\u00bboff\u00a0\u00bb button_two_text_size__hover_enabled=\u00a0\u00bboff\u00a0\u00bb button_text_color__hover_enabled=\u00a0\u00bboff\u00a0\u00bb button_one_text_color__hover_enabled=\u00a0\u00bboff\u00a0\u00bb button_two_text_color__hover_enabled=\u00a0\u00bboff\u00a0\u00bb button_border_width__hover_enabled=\u00a0\u00bboff\u00a0\u00bb button_one_border_width__hover_enabled=\u00a0\u00bboff\u00a0\u00bb button_two_border_width__hover_enabled=\u00a0\u00bboff\u00a0\u00bb button_border_color__hover_enabled=\u00a0\u00bboff\u00a0\u00bb button_one_border_color__hover_enabled=\u00a0\u00bboff\u00a0\u00bb button_two_border_color__hover_enabled=\u00a0\u00bboff\u00a0\u00bb button_border_radius__hover_enabled=\u00a0\u00bboff\u00a0\u00bb button_one_border_radius__hover_enabled=\u00a0\u00bboff\u00a0\u00bb button_two_border_radius__hover_enabled=\u00a0\u00bboff\u00a0\u00bb button_letter_spacing__hover_enabled=\u00a0\u00bboff\u00a0\u00bb button_one_letter_spacing__hover_enabled=\u00a0\u00bboff\u00a0\u00bb button_two_letter_spacing__hover_enabled=\u00a0\u00bboff\u00a0\u00bb button_bg_color__hover_enabled=\u00a0\u00bboff\u00a0\u00bb button_one_bg_color__hover_enabled=\u00a0\u00bboff\u00a0\u00bb button_two_bg_color__hover_enabled=\u00a0\u00bboff\u00a0\u00bb]<\/p>\n<p>Heures de consultation :<br \/>Lundi 13h-16h, mardi et jeudi 10h-13h<\/p>\n<p><strong><a href=\"tel:+49331716499\">T\u00e9l : 03 31 \/ 71 64 99<\/a><\/strong><\/p>\n<p><a href=\"javascript:secureDecryptAndNavigate('1uvPBBasgjv4pfV37vcwzg+Ipw6wAAJaQ4xUUF4Jb8uwyF0R4WMLJXnBiKAhjxww+x\/v\/A64uK3ywcBt12YTyUdSR1yg\/YyuFSo3w1yEeRllZacEawAfXXYq', '33d6e6f93bb44f8c443c7b75da66b37c83775012a47afd96782ac6328947955e')\">&#105;&#110;f&#111;&#64;&#102;&#108;&#117;&#101;&#99;ht&#108;&#105;&#110;&#103;s&#114;&#97;t-&#98;r&#97;&#110;&#100;&#101;n&#98;&#117;r&#103;.&#100;&#101;<\/a><\/p>\n<p><a href=\"javascript:secureDecryptAndNavigate('+M29zdSIBVCzOLx43O0NryxGmjxNExnsJLsbapAa6BBvJKIbc9pV7z5OltKtwvd+lH6j+WQi\/qoPKcW9GFzMdLXIDpzRc\/qDGseKq4NWHhS5VeGEuLNtI7vK', '33d6e6f93bb44f8c443c7b75da66b37c83775012a47afd96782ac6328947955e')\"><\/a><\/p>\n<p>[\/et_pb_cta][\/et_pb_column][et_pb_column type=\u00a0\u00bb1_3&Prime; _builder_version=\u00a0\u00bb4.16&Prime; custom_padding=\u00a0\u00bb|||\u00a0\u00bb global_colors_info=\u00a0\u00bb{}\u00a0\u00bb custom_padding__hover=\u00a0\u00bb|||\u00a0\u00bb][et_pb_cta title=\u00a0\u00bbR\u00e9union publique\u00a0\u00bb module_class=\u00a0\u00bbcta-widget cta-open-meetings\u00a0\u00bb _builder_version=\u00a0\u00bb4.16&Prime; background_color=\u00a0\u00bb#ffffff\u00a0\u00bb global_colors_info=\u00a0\u00bb{}\u00a0\u00bb button_text_size__hover_enabled=\u00a0\u00bboff\u00a0\u00bb button_one_text_size__hover_enabled=\u00a0\u00bboff\u00a0\u00bb button_two_text_size__hover_enabled=\u00a0\u00bboff\u00a0\u00bb button_text_color__hover_enabled=\u00a0\u00bboff\u00a0\u00bb button_one_text_color__hover_enabled=\u00a0\u00bboff\u00a0\u00bb button_two_text_color__hover_enabled=\u00a0\u00bboff\u00a0\u00bb button_border_width__hover_enabled=\u00a0\u00bboff\u00a0\u00bb button_one_border_width__hover_enabled=\u00a0\u00bboff\u00a0\u00bb button_two_border_width__hover_enabled=\u00a0\u00bboff\u00a0\u00bb button_border_color__hover_enabled=\u00a0\u00bboff\u00a0\u00bb button_one_border_color__hover_enabled=\u00a0\u00bboff\u00a0\u00bb button_two_border_color__hover_enabled=\u00a0\u00bboff\u00a0\u00bb button_border_radius__hover_enabled=\u00a0\u00bboff\u00a0\u00bb button_one_border_radius__hover_enabled=\u00a0\u00bboff\u00a0\u00bb button_two_border_radius__hover_enabled=\u00a0\u00bboff\u00a0\u00bb button_letter_spacing__hover_enabled=\u00a0\u00bboff\u00a0\u00bb button_one_letter_spacing__hover_enabled=\u00a0\u00bboff\u00a0\u00bb button_two_letter_spacing__hover_enabled=\u00a0\u00bboff\u00a0\u00bb button_bg_color__hover_enabled=\u00a0\u00bboff\u00a0\u00bb button_one_bg_color__hover_enabled=\u00a0\u00bboff\u00a0\u00bb button_two_bg_color__hover_enabled=\u00a0\u00bboff\u00a0\u00bb]<\/p>\n<p>Chaque dernier mercredi du mois de 17h \u00e0 19h.<\/p>\n<p>Actuellement, les s\u00e9ances ont lieu en visioconf\u00e9rence. Toutes les s\u00e9ances et les th\u00e8mes principaux sont annonc\u00e9s sur le site web du <em>Fl\u00fcchtlingsrat<\/em>. Les donn\u00e9es d&rsquo;acc\u00e8s peuvent \u00eatre demand\u00e9es via<\/p>\n<p><span>l\u00b4adresse suivante:\u00a0 <a href=\"javascript:secureDecryptAndNavigate('Y9aS6wBsreH5b3SFgJ2APcAfzQi0x7F4bGnk\/oFsq08jYm0a3yIQdzhu1Gzk1d7kaTw1BaWnNrHG8w6RudhP+a2Qu0SitxwP7NW4gFvrplsqaODbnn6mXCA88MIl', '33d6e6f93bb44f8c443c7b75da66b37c83775012a47afd96782ac6328947955e')\">in&#102;&#111;&#64;f&#108;&#117;e&#99;&#104;&#116;&#108;&#105;n&#103;&#115;&#114;&#97;t&#45;br&#97;&#110;den&#98;&#117;&#114;g.d&#101;<\/a><\/span><\/p>\n<p><span>L\u00b4adresse pour les r\u00e9unions en pr\u00e9sentiel est:<br \/><\/span><span>Rudolf-Breitscheid-Str. 164<br \/><\/span><span>14482 Potsdam<\/span><\/p>\n<p>[\/et_pb_cta][\/et_pb_column][\/et_pb_row][\/et_pb_section][et_pb_section fb_built=\u00a0\u00bb1&Prime; _builder_version=\u00a0\u00bb4.16&Prime; custom_margin=\u00a0\u00bb0px|||\u00a0\u00bb custom_padding=\u00a0\u00bb0px|||\u00a0\u00bb global_colors_info=\u00a0\u00bb{}\u00a0\u00bb][et_pb_row column_structure=\u00a0\u00bb1_4,1_2,1_4&Prime; _builder_version=\u00a0\u00bb4.16&Prime; background_size=\u00a0\u00bbinitial\u00a0\u00bb background_position=\u00a0\u00bbtop_left\u00a0\u00bb background_repeat=\u00a0\u00bbrepeat\u00a0\u00bb global_colors_info=\u00a0\u00bb{}\u00a0\u00bb][et_pb_column type=\u00a0\u00bb1_4&Prime; _builder_version=\u00a0\u00bb4.16&Prime; custom_padding=\u00a0\u00bb|||\u00a0\u00bb global_colors_info=\u00a0\u00bb{}\u00a0\u00bb custom_padding__hover=\u00a0\u00bb|||\u00a0\u00bb][\/et_pb_column][et_pb_column type=\u00a0\u00bb1_2&Prime; _builder_version=\u00a0\u00bb4.16&Prime; custom_padding=\u00a0\u00bb|||\u00a0\u00bb global_colors_info=\u00a0\u00bb{}\u00a0\u00bb custom_padding__hover=\u00a0\u00bb|||\u00a0\u00bb][et_pb_text admin_label=\u00a0\u00bbFonds d&rsquo;aide d&rsquo;urgence du Fl\u00fcchtlingsrat et fonds d&rsquo;aide juridique de Pro Asyl\u00a0\u00bb _builder_version=\u00a0\u00bb4.17.4&Prime; global_colors_info=\u00a0\u00bb{}\u00a0\u00bb]<\/p>\n<h2><strong><span>Fonds d&rsquo;aide d&rsquo;urgence du <em>Fl\u00fcchtlingsrat<\/em> et fonds d&rsquo;aide juridique de Pro Asyl<\/span><\/strong><\/h2>\n<p><span>En raison de la pratique d\u00e9cisionnelle restrictive en mati\u00e8re du droit d\u00b4asile aussi bien de l\u00b4office f\u00e9d\u00e9ral pour la migration et personnes r\u00e9fug\u00e9es (BAMF) que de nombreux services des \u00e9trangers (<em>Ausl\u00e4nderbeh\u00f6rde<\/em>), plusieurs personnes r\u00e9fugi\u00e9es se trouvent dans des situations juridiques difficiles. <\/span>Souvent, la protection dont ils ont besoin en urgence leur est soit refus\u00e9e par les autorit\u00e9s et les tribunaux ou les motifs de la demande d\u00b4asile ne sont pas reconnus. Dans de telles situations, un soutien juridique par des avocats est souvent urgent. Afin de permettre aux personnes en d\u00e9tresse d&rsquo;acc\u00e9der \u00e0 une protection juridique, le conseil des personnes r\u00e9fugi\u00e9es conseille sur les possibilit\u00e9s de soutien financier par le fonds d&rsquo;aide juridique de Pro Asyl. <span>Des demandes peuvent \u00e9galement \u00eatre d\u00e9pos\u00e9es par des personnes r\u00e9fugi\u00e9es en situation de d\u00e9tresse particuli\u00e8re dans le cadre du fonds d&rsquo;aide d&rsquo;urgence pour les cas individuels du <em>Fl\u00fcchtlingsrat<\/em>. <\/span>Les situations d&rsquo;urgence particuli\u00e8res peuvent \u00eatre par exemple le refus ill\u00e9gal de prestations sociales ainsi que les cas de rigueur en mati\u00e8re de droit d&rsquo;asile et de droit de s\u00e9jour.<\/p>\n<p>Si vous avez des questions sur le fonds d&rsquo;aide d&rsquo;urgence pour les cas individuels et le fonds d&rsquo;aide juridique ainsi que sur le d\u00e9p\u00f4t de demandes, veuillez \u00e9crire \u00e0 : <a href=\"javascript:secureDecryptAndNavigate('tudu89AyfA3YR3uuUsBkxscZI0LIvt8yWWDEFnpa5NY1VwVdvCjXXPLg4+JOHPNTl\/rTaalqzhzK7uAJTp0zpgTYTg7YYJQwigsv4SkHednW1lMlp8PEkC+m', '33d6e6f93bb44f8c443c7b75da66b37c83775012a47afd96782ac6328947955e')\">&#105;nfo&#64;&#102;l&#117;echt&#108;&#105;&#110;gsr&#97;&#116;&#45;br&#97;n&#100;en&#98;u&#114;&#103;&#46;d&#101;<\/a><\/p>\n<p>[\/et_pb_text][et_pb_text admin_label=\u00a0\u00bbProgramme d&rsquo;accueil en Syrie\u00a0\u00bb _builder_version=\u00a0\u00bb4.17.4&Prime; global_colors_info=\u00a0\u00bb{}\u00a0\u00bb]<\/p>\n<h2><strong>Programme d&rsquo;accueil en Syrie<\/strong><\/h2>\n<p>Nous recevons beaucoup de questions sur le programme d&rsquo;accueil des r\u00e9fugi\u00e9s syriens dans le Brandenbourg. Nous publions <a href=\"https:\/\/www.fluechtlingsrat-brandenburg.de\/landesaufnahmeprogramm-syrien-antworten-auf-haeufig-gestellte-fragen\/\">ici<\/a> les r\u00e9ponses aux questions les plus fr\u00e9quentes (malheureusement seulement en allemand jusqu&rsquo;\u00e0 pr\u00e9sent). Elles ne remplacent cependant pas un conseil qualifi\u00e9 selon les cas. Vous trouverez des adresses de centres de conseil tout en bas de la page.<\/p>\n<p>[\/et_pb_text][et_pb_text admin_label=\u00a0\u00bbR\u00e9union publique\u00a0\u00bb _builder_version=\u00a0\u00bb4.17.4&Prime; global_colors_info=\u00a0\u00bb{}\u00a0\u00bb]<\/p>\n<h2><strong>R\u00e9union publique<\/strong><\/h2>\n<p>Le <em>Fl\u00fcchtlingsrat<\/em> tient une r\u00e9union ouverte \u00e0 toutes les personnes int\u00e9ress\u00e9es chaque dernier mercredi du mois \u00e0 17 heures.<\/p>\n<p>L&rsquo;objectif de ces r\u00e9unions ouvertes est de cr\u00e9er un r\u00e9seau politique d\u00b4\u00e9change dans le Brandenbourg et d&rsquo;aborder les th\u00e8mes actuels de la politique d&rsquo;asile, comme l&rsquo;acc\u00e8s au march\u00e9 du travail, les expulsions dans le cadre de la proc\u00e9dure dite de Dublin, le regroupement familial, etc. Les rencontres ont g\u00e9n\u00e9ralement lieu en allemand et peuvent \u00eatre traduite sur demande. Si vous souhaitez participer \u00e0 une rencontre et que vous avez besoin d&rsquo;une traduction, veuillez nous contacter \u00e0 l&rsquo;avance. Veuillez vous informer \u00e0 l&rsquo;avance sur notre site Internet ou en appelant le <a href=\"tel:0331%20- 71 64 99\">0331 &#8211; 71 64 99<\/a> aux heures de consultation indiqu\u00e9es si le lieu ou l&rsquo;heure de notre r\u00e9union a chang\u00e9.<\/p>\n<p>Toutes les s\u00e9ances sont publiques ; il n&rsquo;est pas n\u00e9cessaire de s&rsquo;inscrire pour les s\u00e9ances en pr\u00e9sentiel. Veuillez noter que le lieu habituel de la r\u00e9union n&rsquo;est malheureusement pas accessible aux personnes \u00e0 mobilit\u00e9 r\u00e9duite. Les donn\u00e9es d&rsquo;acc\u00e8s pour les sessions en visioconf\u00e9rence peuvent \u00eatre demand\u00e9es \u00e0 l&rsquo;adresse suivante:\u00a0 <a href=\"javascript:secureDecryptAndNavigate('N+eQthyD2hVgq0FhLl+bVpjLPTxi6\/o7qwRwv89uwHgVqCXbEDcsqxafn8OKIm\/7Pzw2iF6bHGhn7jDRBdgO7avHe+UUpqfC\/LNufFQXzYi16f0ZvBABKAOi', '33d6e6f93bb44f8c443c7b75da66b37c83775012a47afd96782ac6328947955e')\">info&#64;f&#108;uecht&#108;i&#110;gsra&#116;&#45;bra&#110;d&#101;&#110;&#98;&#117;rg&#46;&#100;&#101;<\/a><\/p>\n<p>[\/et_pb_text][et_pb_text admin_label=\u00a0\u00bbPublications en plusieurs langues\u00a0\u00bb _builder_version=\u00a0\u00bb4.17.4&Prime; global_colors_info=\u00a0\u00bb{}\u00a0\u00bb]<\/p>\n<h2><strong>Publications en plusieurs langues<\/strong><\/h2>\n<p>Sous la rubrique <a href=\"https:\/\/www.fluechtlingsrat-brandenburg.de\/ueber-uns\/publikationen\/\">Publications<\/a>, vous trouverez toutes les publications multilingues du <em>Fl\u00fcchtlingsrat <\/em>Brandenbourg. Nous y informons par exemple sur les droits fondamentaux des personnes r\u00e9fugi\u00e9es dans les centres d\u00b4h\u00e9bergement <a href=\"https:\/\/www.fluechtlingsrat-brandenburg.de\/wp-content\/uploads\/2022\/02\/220124_Falzflyer_210x210mm_FR.pdf\">collectif<\/a> ou sur les droits des personnes en demande d&rsquo;asile dans les centres d\u00b4enregistrement et d\u00b4accueil pour personnes <a href=\"https:\/\/www.fluechtlingsrat-brandenburg.de\/wp-content\/uploads\/2020\/11\/Flyer_FR_KFB_200715.pdf\">r\u00e9fugi\u00e9es<\/a>.<span lang=\"DE\"><o:p><\/o:p><\/span><\/p>\n<p>[\/et_pb_text][et_pb_text admin_label=\u00a0\u00bbAbonnement E-Mail\u00a0\u00bb _builder_version=\u00a0\u00bb4.17.4&Prime; global_colors_info=\u00a0\u00bb{}\u00a0\u00bb]<\/p>\n<h2 data-mce-fragment=\"1\"><strong data-mce-fragment=\"1\">Abonnement E-Mail<\/strong><\/h2>\n<p data-mce-fragment=\"1\">Le <em data-mce-fragment=\"1\">Fl\u00fcchtlingsrat<\/em> propose les r\u00e9seaux de diffusion ou abonnements E-Mail suivants :<\/p>\n<p data-mce-fragment=\"1\"><strong data-mce-fragment=\"1\">[infodienst] <\/strong>Ce r\u00e9seau de diffusion fournit des informations compl\u00e8tes sur les th\u00e8mes de l\u00b4exil forc\u00e9 et de l&rsquo;asile, sur les d\u00e9bats actuels dans le Brandenbourg et au niveau f\u00e9d\u00e9ral ainsi que sur les rendez-vous actuels. Vous recevez nos derniers communiqu\u00e9s de presse et des commentaires sur les \u00e9v\u00e9nements politiques. De plus, nous vous tenons au courant de nos activit\u00e9s.<\/p>\n<p data-mce-fragment=\"1\"><strong data-mce-fragment=\"1\">[Newsletter] <\/strong>Ce r\u00e9seau de diffusion vous permet de recevoir notre newsletter mensuelle contenant des informations sp\u00e9cialis\u00e9es, des nouvelles sur la politique de l\u00b4asile, des outils de travail et des publications.<\/p>\n<p data-mce-fragment=\"1\"><strong data-mce-fragment=\"1\">[La liste d\u00b4abonnement pour les conseils]<\/strong> Cette liste fournit des informations importantes et actuelles pour les conseils pratiques, en particulier pour les personnes pratiquant du conseil et l\u00b4assistance aux personnes r\u00e9fugi\u00e9es dans le Brandenbourg.<\/p>\n<p data-mce-fragment=\"1\"><span data-mce-fragment=\"1\">Les informations sont g\u00e9n\u00e9ralement envoy\u00e9es en allemand. \u00c0 l&rsquo;aide du formulaire de <a href=\"https:\/\/www.fluechtlingsrat-brandenburg.de\/aktuelles\/mailinglisten\/\">contact<\/a>, vous pouvez vous inscrire \u00e0 nos listes d\u00b4abonnement et d\u00b4information.<\/span>\u200b<span lang=\"DE\"><o:p><\/o:p><\/span><\/p>\n<p>[\/et_pb_text][et_pb_text admin_label=\u00a0\u00bbPool m\u00e9dia\u00a0\u00bb _builder_version=\u00a0\u00bb4.17.4&Prime; global_colors_info=\u00a0\u00bb{}\u00a0\u00bb]<\/p>\n<h2><strong><span>Pool m\u00e9dia<\/span><\/strong><\/h2>\n<p><span>Un pool de m\u00e9dias est actuellement en cours de constitution au sein du <em>Fl\u00fcchtlingsrat<\/em> Brandenburg. Il doit contenir un \u00e9quipement de base pour l&rsquo;organisation de manifestations (digitales\/hybrides) et de r\u00e9unions de mise en r\u00e9seau. Nous mettons volontiers les appareils et les supports m\u00e9dias acquis \u00e0 la disposition des organisations de personnes r\u00e9fugi\u00e9es et des initiatives actives dans le domaine de l&rsquo;asile et migration dans le Brandenbourg en soutien pour leur travail. <\/span>Actuellement, le stock comprend deux microphones de conf\u00e9rence.<br \/>Nous esp\u00e9rons pouvoir \u00e9largir en permanence l&rsquo;offre du pool <a href=\"https:\/\/www.fluechtlingsrat-brandenburg.de\/medienpool\/\">m\u00e9diatique<\/a>. N&rsquo;h\u00e9sitez pas \u00e0 nous faire part de vos suggestions concernant le materiel qui manque souvent dans le travail au quotidien et dont vous avez besoin!<br \/>Si vous souhaitez emprunter des appareils du pool m\u00e9dia, \u00e9crivez-nous (environ 14 jours avant l&rsquo;\u00e9v\u00e9nement) \u00e0 l\u00b4adresse suivante: <a href=\"javascript:secureDecryptAndNavigate('uIdjq8VtX1WJcKUbf946aYfAFx0Rw83FPWn7x7rS+ki4Mcvd5ZOLU8+NA68pxZXN3RDz8agUZKAPbdqHLweyh3pNRL4TpmiacEejCiy5MnGroWm77cbFT4Vh', '33d6e6f93bb44f8c443c7b75da66b37c83775012a47afd96782ac6328947955e')\">&#105;&#110;&#102;&#111;&#64;f&#108;&#117;&#101;&#99;h&#116;lin&#103;&#115;r&#97;t&#45;&#98;ra&#110;d&#101;n&#98;&#117;&#114;&#103;.d&#101;<\/a>.<span lang=\"DE\"><o:p><\/o:p><\/span><\/p>\n<p>[\/et_pb_text][et_pb_text admin_label=\u00a0\u00bbPresse\u00a0\u00bb _builder_version=\u00a0\u00bb4.17.4&Prime; global_colors_info=\u00a0\u00bb{}\u00a0\u00bb]<\/p>\n<h2 class=\"Textbody\"><b><span lang=\"DE\">Presse<o:p><\/o:p><\/span><\/b><\/h2>\n<p class=\"Textbody\"><span lang=\"DE\">L\u00b4adresse E-mail centrale pour les demandes g\u00e9n\u00e9rales de presse adress\u00e9es au <i>Fl\u00fcchtlingsrat<\/i> est: <o:p><\/o:p><\/span><span lang=\"DE\"><a href=\"mailto:\">&#105;&#110;&#102;&#111;&#64;&#102;lue&#99;ht&#108;ingsr&#97;t&#45;bra&#110;d&#101;nburg.de<\/a><o:p><\/o:p><\/span><\/p>\n<p>[\/et_pb_text][et_pb_text admin_label=\u00a0\u00bbInformations en plusieurs langues\u00a0\u00bb _builder_version=\u00a0\u00bb4.17.6&Prime; hover_enabled=\u00a0\u00bb0&Prime; global_colors_info=\u00a0\u00bb{}\u00a0\u00bb sticky_enabled=\u00a0\u00bb0&Prime;]<\/p>\n<h2><strong>Informations en plusieurs langues<\/strong><\/h2>\n<ul>\n<li><em>Handbook Germany<\/em> donne des r\u00e9ponses de A \u00e0 Z sur la vie en Allemagne dans des vid\u00e9os et des textes avec des conseils importants sur l&rsquo;asile, le logement, la sant\u00e9, le travail et la formation ainsi que sur la garderie d\u00b4enfant, les \u00e9tudes et bien d&rsquo;autres choses <a href=\"https:\/\/handbookgermany.de\/de.html\">encore<\/a>.<\/li>\n<li>Assemblage d&rsquo;informations du <em>Fl\u00fcchtlingsrat Th\u00fcringen<\/em> sur les proc\u00e9dures d&rsquo;asile, le regroupement familial, les expulsions, le racisme, etc. accessible par le lien <a href=\"https:\/\/www.fluechtlingsrat-thr.de\/arbeitshilfen\/mehrsprachige-infos\">suivant<\/a>.<\/li>\n<li><a href=\"https:\/\/www.fluechtlingsrat-bayern.de\/projekte\/asylwegweiser\/\">https:\/\/www.fluechtlingsrat-bayern.de\/projekte\/asylwegweiser\/<\/a><\/li>\n<li>&#8230;\u00a0 (La collecte d&rsquo;informations est compl\u00e9t\u00e9e en permanence)<\/li>\n<\/ul>\n<p>[\/et_pb_text][et_pb_cta title=\u00a0\u00bbSoutenez le Fl\u00fcchtlingsrat Brandenburg\u00a0\u00bb button_url=\u00a0\u00bbmailto:%&#50;&#50;in&#102;o&#64;&#102;l&#117;&#101;ch&#116;li&#110;gs&#114;&#97;&#116;&#45;&#98;&#114;an&#100;en&#98;u&#114;g&#46;&#100;&#101;%22&Prime; button_text=\u00a0\u00bbin&#102;&#111;&#64;&#102;&#108;u&#101;&#99;h&#116;ling&#115;r&#97;t&#45;&#98;randenb&#117;&#114;g.&#100;&#101;\u00a0\u00bb admin_label=\u00a0\u00bbSoutenez le Fl\u00fcchtlingsrat Brandenburg\u00a0\u00bb module_class=\u00a0\u00bbcta-alternate\u00a0\u00bb _builder_version=\u00a0\u00bb4.17.4&Prime; global_colors_info=\u00a0\u00bb{}\u00a0\u00bb button_text_size__hover_enabled=\u00a0\u00bboff\u00a0\u00bb button_one_text_size__hover_enabled=\u00a0\u00bboff\u00a0\u00bb button_two_text_size__hover_enabled=\u00a0\u00bboff\u00a0\u00bb button_text_color__hover_enabled=\u00a0\u00bboff\u00a0\u00bb button_one_text_color__hover_enabled=\u00a0\u00bboff\u00a0\u00bb button_two_text_color__hover_enabled=\u00a0\u00bboff\u00a0\u00bb button_border_width__hover_enabled=\u00a0\u00bboff\u00a0\u00bb button_one_border_width__hover_enabled=\u00a0\u00bboff\u00a0\u00bb button_two_border_width__hover_enabled=\u00a0\u00bboff\u00a0\u00bb button_border_color__hover_enabled=\u00a0\u00bboff\u00a0\u00bb button_one_border_color__hover_enabled=\u00a0\u00bboff\u00a0\u00bb button_two_border_color__hover_enabled=\u00a0\u00bboff\u00a0\u00bb button_border_radius__hover_enabled=\u00a0\u00bboff\u00a0\u00bb button_one_border_radius__hover_enabled=\u00a0\u00bboff\u00a0\u00bb button_two_border_radius__hover_enabled=\u00a0\u00bboff\u00a0\u00bb button_letter_spacing__hover_enabled=\u00a0\u00bboff\u00a0\u00bb button_one_letter_spacing__hover_enabled=\u00a0\u00bboff\u00a0\u00bb button_two_letter_spacing__hover_enabled=\u00a0\u00bboff\u00a0\u00bb button_bg_color__hover_enabled=\u00a0\u00bboff\u00a0\u00bb button_one_bg_color__hover_enabled=\u00a0\u00bboff\u00a0\u00bb button_two_bg_color__hover_enabled=\u00a0\u00bboff\u00a0\u00bb]<\/p>\n<p>Il existe diff\u00e9rentes possibilit\u00e9s de soutenir le travail du <em>Fl\u00fcchtlingsrat Brandenburg<\/em> : Pour nous soutenir financi\u00e8rement, vous pouvez devenir <a href=\"https:\/\/www.fluechtlingsrat-brandenburg.de\/ueber-uns\/mitglied-werden\/\">membre<\/a>, membre de <a href=\"https:\/\/www.fluechtlingsrat-brandenburg.de\/ueber-uns\/mitglied-werden\/\">soutien<\/a> ou <a href=\"https:\/\/www.fluechtlingsrat-brandenburg.de\/ueber-uns\/spenden\/\">donateur<\/a>. Vous pouvez \u00e9galement travailler b\u00e9n\u00e9volement dans l&rsquo;organisation et faire ainsi partie de notre r\u00e9seau. Si vous avez des questions, n&rsquo;h\u00e9sitez pas \u00e0 nous contacter \u00e0 l\u00b4adresse suivante:<\/p>\n<p><span style=\"font-weight: 400;\">\u00a0<\/span><\/p>\n<p>[\/et_pb_cta][\/et_pb_column][et_pb_column type=\u00a0\u00bb1_4&Prime; _builder_version=\u00a0\u00bb4.16&Prime; custom_padding=\u00a0\u00bb|||\u00a0\u00bb global_colors_info=\u00a0\u00bb{}\u00a0\u00bb custom_padding__hover=\u00a0\u00bb|||\u00a0\u00bb][\/et_pb_column][\/et_pb_row][\/et_pb_section]<\/p>\n","protected":false},"excerpt":{"rendered":"<p>Le conseil des personnes r\u00e9fugi\u00e9es du BrandenbourgLe Fl\u00fcchtlingsrat est une organisation non-gouvernementale active dans tout l\u00b4\u00e9tat du Brandebourg. Depuis 1994 il est compos\u00e9 de: personnes r\u00e9fugi\u00e9es ou non du personnel d&rsquo;associations caritatives et de centres de conseil; des \u00e9glises; des organisations autonomes de personnes r\u00e9fugi\u00e9es; des initiatives politiques. Nous luttons pour une soci\u00e9t\u00e9 antiraciste et [&hellip;]<\/p>\n","protected":false},"author":4,"featured_media":0,"parent":0,"menu_order":0,"comment_status":"closed","ping_status":"closed","template":"","meta":{"_acf_changed":false,"_et_pb_use_builder":"on","_et_pb_old_content":"","_et_gb_content_width":"","_relevanssi_hide_post":"","_relevanssi_hide_content":"","_relevanssi_pin_for_all":"","_relevanssi_pin_keywords":"","_relevanssi_unpin_keywords":"","_relevanssi_related_keywords":"","_relevanssi_related_include_ids":"","_relevanssi_related_exclude_ids":"","_relevanssi_related_no_append":"","_relevanssi_related_not_related":"","_relevanssi_related_posts":"","_relevanssi_noindex_reason":"","inline_featured_image":false,"_monsterinsights_skip_tracking":false,"_monsterinsights_sitenote_active":false,"_monsterinsights_sitenote_note":"","_monsterinsights_sitenote_category":0,"footnotes":""},"class_list":["post-1321","page","type-page","status-publish","hentry"],"acf":[],"yoast_head":"<!-- This site is optimized with the Yoast SEO plugin v27.4 - https:\/\/yoast.com\/product\/yoast-seo-wordpress\/ -->\n<title>Startseite - Fl\u00fcchtlingsrat Brandenburg<\/title>\n<meta name=\"robots\" content=\"index, follow, max-snippet:-1, max-image-preview:large, max-video-preview:-1\" \/>\n<link rel=\"canonical\" href=\"https:\/\/www.fluechtlingsrat-brandenburg.de\/fr\/\" \/>\n<meta property=\"og:locale\" content=\"fr_FR\" \/>\n<meta property=\"og:type\" content=\"article\" \/>\n<meta property=\"og:title\" content=\"Startseite - Fl\u00fcchtlingsrat Brandenburg\" \/>\n<meta property=\"og:description\" content=\"Le conseil des personnes r\u00e9fugi\u00e9es du BrandenbourgLe Fl\u00fcchtlingsrat est une organisation non-gouvernementale active dans tout l\u00b4\u00e9tat du Brandebourg. Depuis 1994 il est compos\u00e9 de: personnes r\u00e9fugi\u00e9es ou non du personnel d&#039;associations caritatives et de centres de conseil; des \u00e9glises; des organisations autonomes de personnes r\u00e9fugi\u00e9es; des initiatives politiques. Nous luttons pour une soci\u00e9t\u00e9 antiraciste et [&hellip;]\" \/>\n<meta property=\"og:url\" content=\"https:\/\/www.fluechtlingsrat-brandenburg.de\/fr\/\" \/>\n<meta property=\"og:site_name\" content=\"Fl\u00fcchtlingsrat Brandenburg\" \/>\n<meta property=\"article:modified_time\" content=\"2022-07-28T09:57:42+00:00\" \/>\n<meta property=\"og:image\" content=\"https:\/\/www.fluechtlingsrat-brandenburg.de\/wp-content\/uploads\/2022\/03\/FR-Logo-72-dpi.jpg\" \/>\n<meta name=\"twitter:card\" content=\"summary_large_image\" \/>\n<meta name=\"twitter:image\" content=\"https:\/\/www.fluechtlingsrat-brandenburg.de\/wp-content\/uploads\/2022\/03\/FR-Logo-72-dpi.jpg\" \/>\n<meta name=\"twitter:label1\" content=\"Dur\u00e9e de lecture estim\u00e9e\" \/>\n\t<meta name=\"twitter:data1\" content=\"11 minutes\" \/>\n<script type=\"application\/ld+json\" class=\"yoast-schema-graph\">{\"@context\":\"https:\\\/\\\/schema.org\",\"@graph\":[{\"@type\":\"WebPage\",\"@id\":\"https:\\\/\\\/www.fluechtlingsrat-brandenburg.de\\\/fr\\\/\",\"url\":\"https:\\\/\\\/www.fluechtlingsrat-brandenburg.de\\\/fr\\\/\",\"name\":\"Startseite - Fl\u00fcchtlingsrat Brandenburg\",\"isPartOf\":{\"@id\":\"https:\\\/\\\/www.fluechtlingsrat-brandenburg.de\\\/fr\\\/#website\"},\"primaryImageOfPage\":{\"@id\":\"https:\\\/\\\/www.fluechtlingsrat-brandenburg.de\\\/fr\\\/#primaryimage\"},\"image\":{\"@id\":\"https:\\\/\\\/www.fluechtlingsrat-brandenburg.de\\\/fr\\\/#primaryimage\"},\"thumbnailUrl\":\"https:\\\/\\\/www.fluechtlingsrat-brandenburg.de\\\/wp-content\\\/uploads\\\/2018\\\/06\\\/frbrb-wegweiser-sidebar.svg\",\"datePublished\":\"2018-07-20T08:13:37+00:00\",\"dateModified\":\"2022-07-28T09:57:42+00:00\",\"breadcrumb\":{\"@id\":\"https:\\\/\\\/www.fluechtlingsrat-brandenburg.de\\\/fr\\\/#breadcrumb\"},\"inLanguage\":\"fr-FR\",\"potentialAction\":[{\"@type\":\"ReadAction\",\"target\":[\"https:\\\/\\\/www.fluechtlingsrat-brandenburg.de\\\/fr\\\/\"]}]},{\"@type\":\"ImageObject\",\"inLanguage\":\"fr-FR\",\"@id\":\"https:\\\/\\\/www.fluechtlingsrat-brandenburg.de\\\/fr\\\/#primaryimage\",\"url\":\"https:\\\/\\\/www.fluechtlingsrat-brandenburg.de\\\/wp-content\\\/uploads\\\/2018\\\/06\\\/frbrb-wegweiser-sidebar.svg\",\"contentUrl\":\"https:\\\/\\\/www.fluechtlingsrat-brandenburg.de\\\/wp-content\\\/uploads\\\/2018\\\/06\\\/frbrb-wegweiser-sidebar.svg\"},{\"@type\":\"BreadcrumbList\",\"@id\":\"https:\\\/\\\/www.fluechtlingsrat-brandenburg.de\\\/fr\\\/#breadcrumb\",\"itemListElement\":[{\"@type\":\"ListItem\",\"position\":1,\"name\":\"Home\",\"item\":\"https:\\\/\\\/www.fluechtlingsrat-brandenburg.de\\\/fr\\\/\"},{\"@type\":\"ListItem\",\"position\":2,\"name\":\"Startseite\"}]},{\"@type\":\"WebSite\",\"@id\":\"https:\\\/\\\/www.fluechtlingsrat-brandenburg.de\\\/fr\\\/#website\",\"url\":\"https:\\\/\\\/www.fluechtlingsrat-brandenburg.de\\\/fr\\\/\",\"name\":\"Fl\u00fcchtlingsrat Brandenburg\",\"description\":\"\",\"publisher\":{\"@id\":\"https:\\\/\\\/www.fluechtlingsrat-brandenburg.de\\\/fr\\\/#organization\"},\"potentialAction\":[{\"@type\":\"SearchAction\",\"target\":{\"@type\":\"EntryPoint\",\"urlTemplate\":\"https:\\\/\\\/www.fluechtlingsrat-brandenburg.de\\\/fr\\\/?s={search_term_string}\"},\"query-input\":{\"@type\":\"PropertyValueSpecification\",\"valueRequired\":true,\"valueName\":\"search_term_string\"}}],\"inLanguage\":\"fr-FR\"},{\"@type\":\"Organization\",\"@id\":\"https:\\\/\\\/www.fluechtlingsrat-brandenburg.de\\\/fr\\\/#organization\",\"name\":\"Fl\u00fcchtlingsrat Brandenburg\",\"url\":\"https:\\\/\\\/www.fluechtlingsrat-brandenburg.de\\\/fr\\\/\",\"logo\":{\"@type\":\"ImageObject\",\"inLanguage\":\"fr-FR\",\"@id\":\"https:\\\/\\\/www.fluechtlingsrat-brandenburg.de\\\/fr\\\/#\\\/schema\\\/logo\\\/image\\\/\",\"url\":\"https:\\\/\\\/www.fluechtlingsrat-brandenburg.de\\\/wp-content\\\/uploads\\\/2018\\\/10\\\/logo.jpg\",\"contentUrl\":\"https:\\\/\\\/www.fluechtlingsrat-brandenburg.de\\\/wp-content\\\/uploads\\\/2018\\\/10\\\/logo.jpg\",\"width\":2100,\"height\":1347,\"caption\":\"Fl\u00fcchtlingsrat Brandenburg\"},\"image\":{\"@id\":\"https:\\\/\\\/www.fluechtlingsrat-brandenburg.de\\\/fr\\\/#\\\/schema\\\/logo\\\/image\\\/\"}}]}<\/script>\n<!-- \/ Yoast SEO plugin. -->","yoast_head_json":{"title":"Startseite - Fl\u00fcchtlingsrat Brandenburg","robots":{"index":"index","follow":"follow","max-snippet":"max-snippet:-1","max-image-preview":"max-image-preview:large","max-video-preview":"max-video-preview:-1"},"canonical":"https:\/\/www.fluechtlingsrat-brandenburg.de\/fr\/","og_locale":"fr_FR","og_type":"article","og_title":"Startseite - Fl\u00fcchtlingsrat Brandenburg","og_description":"Le conseil des personnes r\u00e9fugi\u00e9es du BrandenbourgLe Fl\u00fcchtlingsrat est une organisation non-gouvernementale active dans tout l\u00b4\u00e9tat du Brandebourg. Depuis 1994 il est compos\u00e9 de: personnes r\u00e9fugi\u00e9es ou non du personnel d'associations caritatives et de centres de conseil; des \u00e9glises; des organisations autonomes de personnes r\u00e9fugi\u00e9es; des initiatives politiques. Nous luttons pour une soci\u00e9t\u00e9 antiraciste et [&hellip;]","og_url":"https:\/\/www.fluechtlingsrat-brandenburg.de\/fr\/","og_site_name":"Fl\u00fcchtlingsrat Brandenburg","article_modified_time":"2022-07-28T09:57:42+00:00","og_image":[{"url":"https:\/\/www.fluechtlingsrat-brandenburg.de\/wp-content\/uploads\/2022\/03\/FR-Logo-72-dpi.jpg","type":"","width":"","height":""}],"twitter_card":"summary_large_image","twitter_image":"https:\/\/www.fluechtlingsrat-brandenburg.de\/wp-content\/uploads\/2022\/03\/FR-Logo-72-dpi.jpg","twitter_misc":{"Dur\u00e9e de lecture estim\u00e9e":"11 minutes"},"schema":{"@context":"https:\/\/schema.org","@graph":[{"@type":"WebPage","@id":"https:\/\/www.fluechtlingsrat-brandenburg.de\/fr\/","url":"https:\/\/www.fluechtlingsrat-brandenburg.de\/fr\/","name":"Startseite - Fl\u00fcchtlingsrat Brandenburg","isPartOf":{"@id":"https:\/\/www.fluechtlingsrat-brandenburg.de\/fr\/#website"},"primaryImageOfPage":{"@id":"https:\/\/www.fluechtlingsrat-brandenburg.de\/fr\/#primaryimage"},"image":{"@id":"https:\/\/www.fluechtlingsrat-brandenburg.de\/fr\/#primaryimage"},"thumbnailUrl":"https:\/\/www.fluechtlingsrat-brandenburg.de\/wp-content\/uploads\/2018\/06\/frbrb-wegweiser-sidebar.svg","datePublished":"2018-07-20T08:13:37+00:00","dateModified":"2022-07-28T09:57:42+00:00","breadcrumb":{"@id":"https:\/\/www.fluechtlingsrat-brandenburg.de\/fr\/#breadcrumb"},"inLanguage":"fr-FR","potentialAction":[{"@type":"ReadAction","target":["https:\/\/www.fluechtlingsrat-brandenburg.de\/fr\/"]}]},{"@type":"ImageObject","inLanguage":"fr-FR","@id":"https:\/\/www.fluechtlingsrat-brandenburg.de\/fr\/#primaryimage","url":"https:\/\/www.fluechtlingsrat-brandenburg.de\/wp-content\/uploads\/2018\/06\/frbrb-wegweiser-sidebar.svg","contentUrl":"https:\/\/www.fluechtlingsrat-brandenburg.de\/wp-content\/uploads\/2018\/06\/frbrb-wegweiser-sidebar.svg"},{"@type":"BreadcrumbList","@id":"https:\/\/www.fluechtlingsrat-brandenburg.de\/fr\/#breadcrumb","itemListElement":[{"@type":"ListItem","position":1,"name":"Home","item":"https:\/\/www.fluechtlingsrat-brandenburg.de\/fr\/"},{"@type":"ListItem","position":2,"name":"Startseite"}]},{"@type":"WebSite","@id":"https:\/\/www.fluechtlingsrat-brandenburg.de\/fr\/#website","url":"https:\/\/www.fluechtlingsrat-brandenburg.de\/fr\/","name":"Fl\u00fcchtlingsrat Brandenburg","description":"","publisher":{"@id":"https:\/\/www.fluechtlingsrat-brandenburg.de\/fr\/#organization"},"potentialAction":[{"@type":"SearchAction","target":{"@type":"EntryPoint","urlTemplate":"https:\/\/www.fluechtlingsrat-brandenburg.de\/fr\/?s={search_term_string}"},"query-input":{"@type":"PropertyValueSpecification","valueRequired":true,"valueName":"search_term_string"}}],"inLanguage":"fr-FR"},{"@type":"Organization","@id":"https:\/\/www.fluechtlingsrat-brandenburg.de\/fr\/#organization","name":"Fl\u00fcchtlingsrat Brandenburg","url":"https:\/\/www.fluechtlingsrat-brandenburg.de\/fr\/","logo":{"@type":"ImageObject","inLanguage":"fr-FR","@id":"https:\/\/www.fluechtlingsrat-brandenburg.de\/fr\/#\/schema\/logo\/image\/","url":"https:\/\/www.fluechtlingsrat-brandenburg.de\/wp-content\/uploads\/2018\/10\/logo.jpg","contentUrl":"https:\/\/www.fluechtlingsrat-brandenburg.de\/wp-content\/uploads\/2018\/10\/logo.jpg","width":2100,"height":1347,"caption":"Fl\u00fcchtlingsrat Brandenburg"},"image":{"@id":"https:\/\/www.fluechtlingsrat-brandenburg.de\/fr\/#\/schema\/logo\/image\/"}}]}},"_links":{"self":[{"href":"https:\/\/www.fluechtlingsrat-brandenburg.de\/fr\/wp-json\/wp\/v2\/pages\/1321","targetHints":{"allow":["GET"]}}],"collection":[{"href":"https:\/\/www.fluechtlingsrat-brandenburg.de\/fr\/wp-json\/wp\/v2\/pages"}],"about":[{"href":"https:\/\/www.fluechtlingsrat-brandenburg.de\/fr\/wp-json\/wp\/v2\/types\/page"}],"author":[{"embeddable":true,"href":"https:\/\/www.fluechtlingsrat-brandenburg.de\/fr\/wp-json\/wp\/v2\/users\/4"}],"replies":[{"embeddable":true,"href":"https:\/\/www.fluechtlingsrat-brandenburg.de\/fr\/wp-json\/wp\/v2\/comments?post=1321"}],"version-history":[{"count":10,"href":"https:\/\/www.fluechtlingsrat-brandenburg.de\/fr\/wp-json\/wp\/v2\/pages\/1321\/revisions"}],"predecessor-version":[{"id":32511,"href":"https:\/\/www.fluechtlingsrat-brandenburg.de\/fr\/wp-json\/wp\/v2\/pages\/1321\/revisions\/32511"}],"wp:attachment":[{"href":"https:\/\/www.fluechtlingsrat-brandenburg.de\/fr\/wp-json\/wp\/v2\/media?parent=1321"}],"curies":[{"name":"wp","href":"https:\/\/api.w.org\/{rel}","templated":true}]}}