{"id":22034,"date":"2019-10-15T11:17:36","date_gmt":"2019-10-15T10:17:36","guid":{"rendered":"https:\/\/www.fluechtlingsrat-brandenburg.de\/?post_type=organization&#038;p=22034"},"modified":"2019-10-15T11:17:36","modified_gmt":"2019-10-15T10:17:36","slug":"humanistischer-freidenkerbund-havelland-e-v","status":"publish","type":"organization","link":"https:\/\/www.fluechtlingsrat-brandenburg.de\/ar\/organisationen\/humanistischer-freidenkerbund-havelland-e-v\/","title":{"rendered":"Humanistischer Freidenkerbund Havelland e.V."},"content":{"rendered":"<p>Interkulturelles Begegnungscaf\u00e9 in Nauen: regelm\u00e4\u00dfige Kontaktm\u00f6glichkeiten und interkultureller Austausch zwischen Gefl\u00fcchteten und Deutschen, die in der Stadt Nauen leben. Regelm\u00e4\u00dfige Begegnungen, zus\u00e4tzliche Sprachf\u00f6rderung, Angebote f\u00fcr Kinder, Vermittlung und Verteilung von Kleiderspenden (Kleiderkammer), gemeinsame Organisation von H\u00f6hepunkten (z.B. Weihnachtsfest, Zuckerfest usw.).<\/p>\n<div class=\"shariff shariff-align-left shariff-widget-align-left\"><ul class=\"shariff-buttons theme-default orientation-horizontal buttonsize-medium\"><li class=\"shariff-button facebook shariff-nocustomcolor\" style=\"background-color:#4273c8\"><a href=\"https:\/\/www.facebook.com\/sharer\/sharer.php?u=https%3A%2F%2Fwww.fluechtlingsrat-brandenburg.de%2Far%2Forganisationen%2Fhumanistischer-freidenkerbund-havelland-e-v%2F\" title=\"Share on Facebook\" aria-label=\"Share on Facebook\" role=\"button\" rel=\"nofollow\" class=\"shariff-link\" style=\"; background-color:#3b5998; color:#fff\" target=\"_blank\"><span class=\"shariff-icon\" style=\"\"><svg width=\"32px\" height=\"20px\" xmlns=\"http:\/\/www.w3.org\/2000\/svg\" viewBox=\"0 0 18 32\"><path fill=\"#3b5998\" d=\"M17.1 0.2v4.7h-2.8q-1.5 0-2.1 0.6t-0.5 1.9v3.4h5.2l-0.7 5.3h-4.5v13.6h-5.5v-13.6h-4.5v-5.3h4.5v-3.9q0-3.3 1.9-5.2t5-1.8q2.6 0 4.1 0.2z\"\/><\/svg><\/span><span class=\"shariff-text\">share<\/span>&nbsp;<\/a><\/li><li class=\"shariff-button twitter shariff-nocustomcolor\" style=\"background-color:#595959\"><a href=\"https:\/\/twitter.com\/share?url=https%3A%2F%2Fwww.fluechtlingsrat-brandenburg.de%2Far%2Forganisationen%2Fhumanistischer-freidenkerbund-havelland-e-v%2F&text=Humanistischer%20Freidenkerbund%20Havelland%20e.V.\" title=\"Share on X\" aria-label=\"Share on X\" role=\"button\" rel=\"noopener nofollow\" class=\"shariff-link\" style=\"; background-color:#000; color:#fff\" target=\"_blank\"><span class=\"shariff-icon\" style=\"\"><svg width=\"32px\" height=\"20px\" xmlns=\"http:\/\/www.w3.org\/2000\/svg\" viewBox=\"0 0 24 24\"><path fill=\"#000\" d=\"M14.258 10.152L23.176 0h-2.113l-7.747 8.813L7.133 0H0l9.352 13.328L0 23.973h2.113l8.176-9.309 6.531 9.309h7.133zm-2.895 3.293l-.949-1.328L2.875 1.56h3.246l6.086 8.523.945 1.328 7.91 11.078h-3.246zm0 0\"\/><\/svg><\/span><span class=\"shariff-text\">share<\/span>&nbsp;<\/a><\/li><li class=\"shariff-button whatsapp shariff-nocustomcolor\" style=\"background-color:#5cbe4a\"><a href=\"https:\/\/api.whatsapp.com\/send?text=https%3A%2F%2Fwww.fluechtlingsrat-brandenburg.de%2Far%2Forganisationen%2Fhumanistischer-freidenkerbund-havelland-e-v%2F%20Humanistischer%20Freidenkerbund%20Havelland%20e.V.\" title=\"Share on Whatsapp\" aria-label=\"Share on Whatsapp\" role=\"button\" rel=\"noopener nofollow\" class=\"shariff-link\" style=\"; background-color:#34af23; color:#fff\" target=\"_blank\"><span class=\"shariff-icon\" style=\"\"><svg width=\"32px\" height=\"20px\" xmlns=\"http:\/\/www.w3.org\/2000\/svg\" viewBox=\"0 0 32 32\"><path fill=\"#34af23\" d=\"M17.6 17.4q0.2 0 1.7 0.8t1.6 0.9q0 0.1 0 0.3 0 0.6-0.3 1.4-0.3 0.7-1.3 1.2t-1.8 0.5q-1 0-3.4-1.1-1.7-0.8-3-2.1t-2.6-3.3q-1.3-1.9-1.3-3.5v-0.1q0.1-1.6 1.3-2.8 0.4-0.4 0.9-0.4 0.1 0 0.3 0t0.3 0q0.3 0 0.5 0.1t0.3 0.5q0.1 0.4 0.6 1.6t0.4 1.3q0 0.4-0.6 1t-0.6 0.8q0 0.1 0.1 0.3 0.6 1.3 1.8 2.4 1 0.9 2.7 1.8 0.2 0.1 0.4 0.1 0.3 0 1-0.9t0.9-0.9zM14 26.9q2.3 0 4.3-0.9t3.6-2.4 2.4-3.6 0.9-4.3-0.9-4.3-2.4-3.6-3.6-2.4-4.3-0.9-4.3 0.9-3.6 2.4-2.4 3.6-0.9 4.3q0 3.6 2.1 6.6l-1.4 4.2 4.3-1.4q2.8 1.9 6.2 1.9zM14 2.2q2.7 0 5.2 1.1t4.3 2.9 2.9 4.3 1.1 5.2-1.1 5.2-2.9 4.3-4.3 2.9-5.2 1.1q-3.5 0-6.5-1.7l-7.4 2.4 2.4-7.2q-1.9-3.2-1.9-6.9 0-2.7 1.1-5.2t2.9-4.3 4.3-2.9 5.2-1.1z\"\/><\/svg><\/span><span class=\"shariff-text\">share<\/span>&nbsp;<\/a><\/li><li class=\"shariff-button mailto shariff-nocustomcolor\" style=\"background-color:#a8a8a8\"><a href=\"mailto:?body=https%3A%2F%2Fwww.fluechtlingsrat-brandenburg.de%2Far%2Forganisationen%2Fhumanistischer-freidenkerbund-havelland-e-v%2F&subject=Humanistischer%20Freidenkerbund%20Havelland%20e.V.\" title=\"Send by email\" aria-label=\"Send by email\" role=\"button\" rel=\"noopener nofollow\" class=\"shariff-link\" style=\"; background-color:#999; color:#fff\"><span class=\"shariff-icon\" style=\"\"><svg width=\"32px\" height=\"20px\" xmlns=\"http:\/\/www.w3.org\/2000\/svg\" viewBox=\"0 0 32 32\"><path fill=\"#999\" d=\"M32 12.7v14.2q0 1.2-0.8 2t-2 0.9h-26.3q-1.2 0-2-0.9t-0.8-2v-14.2q0.8 0.9 1.8 1.6 6.5 4.4 8.9 6.1 1 0.8 1.6 1.2t1.7 0.9 2 0.4h0.1q0.9 0 2-0.4t1.7-0.9 1.6-1.2q3-2.2 8.9-6.1 1-0.7 1.8-1.6zM32 7.4q0 1.4-0.9 2.7t-2.2 2.2q-6.7 4.7-8.4 5.8-0.2 0.1-0.7 0.5t-1 0.7-0.9 0.6-1.1 0.5-0.9 0.2h-0.1q-0.4 0-0.9-0.2t-1.1-0.5-0.9-0.6-1-0.7-0.7-0.5q-1.6-1.1-4.7-3.2t-3.6-2.6q-1.1-0.7-2.1-2t-1-2.5q0-1.4 0.7-2.3t2.1-0.9h26.3q1.2 0 2 0.8t0.9 2z\"\/><\/svg><\/span><span class=\"shariff-text\">email<\/span>&nbsp;<\/a><\/li><li class=\"shariff-button printer shariff-nocustomcolor\" style=\"background-color:#a8a8a8\"><a href=\"javascript:window.print()\" title=\"print\" aria-label=\"print\" role=\"button\" rel=\"noopener nofollow\" class=\"shariff-link\" style=\"; background-color:#999; color:#fff\"><span class=\"shariff-icon\" style=\"\"><svg width=\"32px\" height=\"20px\" xmlns=\"http:\/\/www.w3.org\/2000\/svg\" viewBox=\"0 0 30 32\"><path fill=\"#999\" d=\"M6.8 27.4h16v-4.6h-16v4.6zM6.8 16h16v-6.8h-2.8q-0.7 0-1.2-0.5t-0.5-1.2v-2.8h-11.4v11.4zM27.4 17.2q0-0.5-0.3-0.8t-0.8-0.4-0.8 0.4-0.3 0.8 0.3 0.8 0.8 0.3 0.8-0.3 0.3-0.8zM29.7 17.2v7.4q0 0.2-0.2 0.4t-0.4 0.2h-4v2.8q0 0.7-0.5 1.2t-1.2 0.5h-17.2q-0.7 0-1.2-0.5t-0.5-1.2v-2.8h-4q-0.2 0-0.4-0.2t-0.2-0.4v-7.4q0-1.4 1-2.4t2.4-1h1.2v-9.7q0-0.7 0.5-1.2t1.2-0.5h12q0.7 0 1.6 0.4t1.3 0.8l2.7 2.7q0.5 0.5 0.9 1.4t0.4 1.6v4.6h1.1q1.4 0 2.4 1t1 2.4z\"\/><\/svg><\/span><span class=\"shariff-text\">print<\/span>&nbsp;<\/a><\/li><\/ul><\/div>","protected":false},"featured_media":0,"template":"","orga_cat":[18,17],"county":[27],"focus":[49,54,51],"class_list":["post-22034","organization","type-organization","status-publish","hentry","orga_cat-initiativen","orga_cat-selbstorganisation","county-havelland","focus-freizeit-und-alltag","focus-kinder-und-jugendliche","focus-sprachvermittlung"],"acf":[],"yoast_head":"<!-- This site is optimized with the Yoast SEO plugin v27.4 - https:\/\/yoast.com\/product\/yoast-seo-wordpress\/ -->\n<title>Humanistischer Freidenkerbund Havelland e.V. - Fl\u00fcchtlingsrat Brandenburg<\/title>\n<meta name=\"robots\" content=\"index, follow, max-snippet:-1, max-image-preview:large, max-video-preview:-1\" \/>\n<link rel=\"canonical\" href=\"https:\/\/www.fluechtlingsrat-brandenburg.de\/ar\/organisationen\/humanistischer-freidenkerbund-havelland-e-v\/\" \/>\n<meta property=\"og:locale\" content=\"ar_AR\" \/>\n<meta property=\"og:type\" content=\"article\" \/>\n<meta property=\"og:title\" content=\"Humanistischer Freidenkerbund Havelland e.V. - Fl\u00fcchtlingsrat Brandenburg\" \/>\n<meta property=\"og:description\" content=\"Interkulturelles Begegnungscaf\u00e9 in Nauen: regelm\u00e4\u00dfige Kontaktm\u00f6glichkeiten und interkultureller Austausch zwischen Gefl\u00fcchteten und Deutschen, die in der Stadt Nauen leben. Regelm\u00e4\u00dfige Begegnungen, zus\u00e4tzliche Sprachf\u00f6rderung, Angebote f\u00fcr Kinder, Vermittlung und Verteilung von Kleiderspenden (Kleiderkammer), gemeinsame Organisation von H\u00f6hepunkten (z.B. Weihnachtsfest, Zuckerfest usw.).\" \/>\n<meta property=\"og:url\" content=\"https:\/\/www.fluechtlingsrat-brandenburg.de\/ar\/organisationen\/humanistischer-freidenkerbund-havelland-e-v\/\" \/>\n<meta property=\"og:site_name\" content=\"Fl\u00fcchtlingsrat Brandenburg\" \/>\n<meta name=\"twitter:card\" content=\"summary_large_image\" \/>\n<script type=\"application\/ld+json\" class=\"yoast-schema-graph\">{\"@context\":\"https:\\\/\\\/schema.org\",\"@graph\":[{\"@type\":\"WebPage\",\"@id\":\"https:\\\/\\\/www.fluechtlingsrat-brandenburg.de\\\/ar\\\/organisationen\\\/humanistischer-freidenkerbund-havelland-e-v\\\/\",\"url\":\"https:\\\/\\\/www.fluechtlingsrat-brandenburg.de\\\/ar\\\/organisationen\\\/humanistischer-freidenkerbund-havelland-e-v\\\/\",\"name\":\"Humanistischer Freidenkerbund Havelland e.V. - Fl\u00fcchtlingsrat Brandenburg\",\"isPartOf\":{\"@id\":\"https:\\\/\\\/www.fluechtlingsrat-brandenburg.de\\\/ar\\\/#website\"},\"datePublished\":\"2019-10-15T10:17:36+00:00\",\"breadcrumb\":{\"@id\":\"https:\\\/\\\/www.fluechtlingsrat-brandenburg.de\\\/ar\\\/organisationen\\\/humanistischer-freidenkerbund-havelland-e-v\\\/#breadcrumb\"},\"inLanguage\":\"ar\",\"potentialAction\":[{\"@type\":\"ReadAction\",\"target\":[\"https:\\\/\\\/www.fluechtlingsrat-brandenburg.de\\\/ar\\\/organisationen\\\/humanistischer-freidenkerbund-havelland-e-v\\\/\"]}]},{\"@type\":\"BreadcrumbList\",\"@id\":\"https:\\\/\\\/www.fluechtlingsrat-brandenburg.de\\\/ar\\\/organisationen\\\/humanistischer-freidenkerbund-havelland-e-v\\\/#breadcrumb\",\"itemListElement\":[{\"@type\":\"ListItem\",\"position\":1,\"name\":\"Home\",\"item\":\"https:\\\/\\\/www.fluechtlingsrat-brandenburg.de\\\/ar\\\/\"},{\"@type\":\"ListItem\",\"position\":2,\"name\":\"Humanistischer Freidenkerbund Havelland e.V.\"}]},{\"@type\":\"WebSite\",\"@id\":\"https:\\\/\\\/www.fluechtlingsrat-brandenburg.de\\\/ar\\\/#website\",\"url\":\"https:\\\/\\\/www.fluechtlingsrat-brandenburg.de\\\/ar\\\/\",\"name\":\"Fl\u00fcchtlingsrat Brandenburg\",\"description\":\"\",\"publisher\":{\"@id\":\"https:\\\/\\\/www.fluechtlingsrat-brandenburg.de\\\/ar\\\/#organization\"},\"potentialAction\":[{\"@type\":\"SearchAction\",\"target\":{\"@type\":\"EntryPoint\",\"urlTemplate\":\"https:\\\/\\\/www.fluechtlingsrat-brandenburg.de\\\/ar\\\/?s={search_term_string}\"},\"query-input\":{\"@type\":\"PropertyValueSpecification\",\"valueRequired\":true,\"valueName\":\"search_term_string\"}}],\"inLanguage\":\"ar\"},{\"@type\":\"Organization\",\"@id\":\"https:\\\/\\\/www.fluechtlingsrat-brandenburg.de\\\/ar\\\/#organization\",\"name\":\"Fl\u00fcchtlingsrat Brandenburg\",\"url\":\"https:\\\/\\\/www.fluechtlingsrat-brandenburg.de\\\/ar\\\/\",\"logo\":{\"@type\":\"ImageObject\",\"inLanguage\":\"ar\",\"@id\":\"https:\\\/\\\/www.fluechtlingsrat-brandenburg.de\\\/ar\\\/#\\\/schema\\\/logo\\\/image\\\/\",\"url\":\"https:\\\/\\\/www.fluechtlingsrat-brandenburg.de\\\/wp-content\\\/uploads\\\/2018\\\/10\\\/logo.jpg\",\"contentUrl\":\"https:\\\/\\\/www.fluechtlingsrat-brandenburg.de\\\/wp-content\\\/uploads\\\/2018\\\/10\\\/logo.jpg\",\"width\":2100,\"height\":1347,\"caption\":\"Fl\u00fcchtlingsrat Brandenburg\"},\"image\":{\"@id\":\"https:\\\/\\\/www.fluechtlingsrat-brandenburg.de\\\/ar\\\/#\\\/schema\\\/logo\\\/image\\\/\"}}]}<\/script>\n<!-- \/ Yoast SEO plugin. -->","yoast_head_json":{"title":"Humanistischer Freidenkerbund Havelland e.V. - Fl\u00fcchtlingsrat Brandenburg","robots":{"index":"index","follow":"follow","max-snippet":"max-snippet:-1","max-image-preview":"max-image-preview:large","max-video-preview":"max-video-preview:-1"},"canonical":"https:\/\/www.fluechtlingsrat-brandenburg.de\/ar\/organisationen\/humanistischer-freidenkerbund-havelland-e-v\/","og_locale":"ar_AR","og_type":"article","og_title":"Humanistischer Freidenkerbund Havelland e.V. - Fl\u00fcchtlingsrat Brandenburg","og_description":"Interkulturelles Begegnungscaf\u00e9 in Nauen: regelm\u00e4\u00dfige Kontaktm\u00f6glichkeiten und interkultureller Austausch zwischen Gefl\u00fcchteten und Deutschen, die in der Stadt Nauen leben. Regelm\u00e4\u00dfige Begegnungen, zus\u00e4tzliche Sprachf\u00f6rderung, Angebote f\u00fcr Kinder, Vermittlung und Verteilung von Kleiderspenden (Kleiderkammer), gemeinsame Organisation von H\u00f6hepunkten (z.B. Weihnachtsfest, Zuckerfest usw.).","og_url":"https:\/\/www.fluechtlingsrat-brandenburg.de\/ar\/organisationen\/humanistischer-freidenkerbund-havelland-e-v\/","og_site_name":"Fl\u00fcchtlingsrat Brandenburg","twitter_card":"summary_large_image","schema":{"@context":"https:\/\/schema.org","@graph":[{"@type":"WebPage","@id":"https:\/\/www.fluechtlingsrat-brandenburg.de\/ar\/organisationen\/humanistischer-freidenkerbund-havelland-e-v\/","url":"https:\/\/www.fluechtlingsrat-brandenburg.de\/ar\/organisationen\/humanistischer-freidenkerbund-havelland-e-v\/","name":"Humanistischer Freidenkerbund Havelland e.V. - Fl\u00fcchtlingsrat Brandenburg","isPartOf":{"@id":"https:\/\/www.fluechtlingsrat-brandenburg.de\/ar\/#website"},"datePublished":"2019-10-15T10:17:36+00:00","breadcrumb":{"@id":"https:\/\/www.fluechtlingsrat-brandenburg.de\/ar\/organisationen\/humanistischer-freidenkerbund-havelland-e-v\/#breadcrumb"},"inLanguage":"ar","potentialAction":[{"@type":"ReadAction","target":["https:\/\/www.fluechtlingsrat-brandenburg.de\/ar\/organisationen\/humanistischer-freidenkerbund-havelland-e-v\/"]}]},{"@type":"BreadcrumbList","@id":"https:\/\/www.fluechtlingsrat-brandenburg.de\/ar\/organisationen\/humanistischer-freidenkerbund-havelland-e-v\/#breadcrumb","itemListElement":[{"@type":"ListItem","position":1,"name":"Home","item":"https:\/\/www.fluechtlingsrat-brandenburg.de\/ar\/"},{"@type":"ListItem","position":2,"name":"Humanistischer Freidenkerbund Havelland e.V."}]},{"@type":"WebSite","@id":"https:\/\/www.fluechtlingsrat-brandenburg.de\/ar\/#website","url":"https:\/\/www.fluechtlingsrat-brandenburg.de\/ar\/","name":"Fl\u00fcchtlingsrat Brandenburg","description":"","publisher":{"@id":"https:\/\/www.fluechtlingsrat-brandenburg.de\/ar\/#organization"},"potentialAction":[{"@type":"SearchAction","target":{"@type":"EntryPoint","urlTemplate":"https:\/\/www.fluechtlingsrat-brandenburg.de\/ar\/?s={search_term_string}"},"query-input":{"@type":"PropertyValueSpecification","valueRequired":true,"valueName":"search_term_string"}}],"inLanguage":"ar"},{"@type":"Organization","@id":"https:\/\/www.fluechtlingsrat-brandenburg.de\/ar\/#organization","name":"Fl\u00fcchtlingsrat Brandenburg","url":"https:\/\/www.fluechtlingsrat-brandenburg.de\/ar\/","logo":{"@type":"ImageObject","inLanguage":"ar","@id":"https:\/\/www.fluechtlingsrat-brandenburg.de\/ar\/#\/schema\/logo\/image\/","url":"https:\/\/www.fluechtlingsrat-brandenburg.de\/wp-content\/uploads\/2018\/10\/logo.jpg","contentUrl":"https:\/\/www.fluechtlingsrat-brandenburg.de\/wp-content\/uploads\/2018\/10\/logo.jpg","width":2100,"height":1347,"caption":"Fl\u00fcchtlingsrat Brandenburg"},"image":{"@id":"https:\/\/www.fluechtlingsrat-brandenburg.de\/ar\/#\/schema\/logo\/image\/"}}]}},"_links":{"self":[{"href":"https:\/\/www.fluechtlingsrat-brandenburg.de\/ar\/wp-json\/wp\/v2\/organization\/22034","targetHints":{"allow":["GET"]}}],"collection":[{"href":"https:\/\/www.fluechtlingsrat-brandenburg.de\/ar\/wp-json\/wp\/v2\/organization"}],"about":[{"href":"https:\/\/www.fluechtlingsrat-brandenburg.de\/ar\/wp-json\/wp\/v2\/types\/organization"}],"version-history":[{"count":1,"href":"https:\/\/www.fluechtlingsrat-brandenburg.de\/ar\/wp-json\/wp\/v2\/organization\/22034\/revisions"}],"predecessor-version":[{"id":22048,"href":"https:\/\/www.fluechtlingsrat-brandenburg.de\/ar\/wp-json\/wp\/v2\/organization\/22034\/revisions\/22048"}],"wp:attachment":[{"href":"https:\/\/www.fluechtlingsrat-brandenburg.de\/ar\/wp-json\/wp\/v2\/media?parent=22034"}],"wp:term":[{"taxonomy":"orga_cat","embeddable":true,"href":"https:\/\/www.fluechtlingsrat-brandenburg.de\/ar\/wp-json\/wp\/v2\/orga_cat?post=22034"},{"taxonomy":"county","embeddable":true,"href":"https:\/\/www.fluechtlingsrat-brandenburg.de\/ar\/wp-json\/wp\/v2\/county?post=22034"},{"taxonomy":"focus","embeddable":true,"href":"https:\/\/www.fluechtlingsrat-brandenburg.de\/ar\/wp-json\/wp\/v2\/focus?post=22034"}],"curies":[{"name":"wp","href":"https:\/\/api.w.org\/{rel}","templated":true}]}}